{"id":20,"date":"2022-04-05T11:56:27","date_gmt":"2022-04-05T11:56:27","guid":{"rendered":"https:\/\/ugtfgvalicante.com\/?page_id=20"},"modified":"2026-01-13T17:39:52","modified_gmt":"2026-01-13T17:39:52","slug":"cursos-oposiciones","status":"publish","type":"page","link":"https:\/\/ugtfgvalicante.com\/index.php\/cursos-oposiciones\/","title":{"rendered":"FORMACI\u00d3N"},"content":{"rendered":"\n<p><strong>NUEVOS CURSOS DE FORMACI\u00d3N PARA ACCESO A PLAZAS FIJAS EN FGV<\/strong><\/p>\n\n\n<div class=\"wp-block-image\">\n<figure class=\"alignleft size-medium\"><img loading=\"lazy\" decoding=\"async\" width=\"300\" height=\"215\" src=\"https:\/\/ugtfgvalicante.com\/wp-content\/uploads\/2022\/10\/tarjeta_formacion-300x215.jpg\" alt=\"\" class=\"wp-image-192\" srcset=\"https:\/\/ugtfgvalicante.com\/wp-content\/uploads\/2022\/10\/tarjeta_formacion-300x215.jpg 300w, https:\/\/ugtfgvalicante.com\/wp-content\/uploads\/2022\/10\/tarjeta_formacion-1024x735.jpg 1024w, https:\/\/ugtfgvalicante.com\/wp-content\/uploads\/2022\/10\/tarjeta_formacion-768x551.jpg 768w, https:\/\/ugtfgvalicante.com\/wp-content\/uploads\/2022\/10\/tarjeta_formacion-1536x1102.jpg 1536w, https:\/\/ugtfgvalicante.com\/wp-content\/uploads\/2022\/10\/tarjeta_formacion.jpg 1675w\" sizes=\"auto, (max-width: 300px) 100vw, 300px\" \/><\/figure>\n<\/div>\n\n\n<p>Finalizado el plazo de inscripci\u00f3n para la convocatoria p\u00fablica de proceso de selecci\u00f3n por sistema de concurso-oposici\u00f3n para cobertura de puestos de trabajo de conducci\u00f3n y circulaci\u00f3n correspondientes a las Ofertas de Ocupaci\u00f3n P\u00fablico de Ferrocarrils de la Generalitat Valenciana de los a\u00f1os 2023 y 2024 y para la confecci\u00f3n de bolsas de Empleo Temporal, desde UGT vamos a reforzar la Formaci\u00f3n con el comienzo de clases presenciales.<\/p>\n\n\n\n<p>Desde el &nbsp;28 de octubre est\u00e1 abierto el correspondiente curso para esta convocatoria en nuestras Plataformas de Formaci\u00f3n On-Line de Alicante y Valencia, en este curso podr\u00e1s encontrar el temario completo, as\u00ed como test de cada una de las materias, test interactivos, videos explicativos, ex\u00e1menes simulacro, y todo aquello que podamos habilitar para ayudarte en la prueba de conocimientos.<\/p>\n\n\n\n<p>Las clases presenciales ser\u00e1n realizadas por agentes de FGV con experiencia en la materia a impartir, se realizaran todos los mi\u00e9rcoles de enero y febrero, en la sede de UGT en la calle Pablo Iglesias, siendo el primero el pr\u00f3ximo mi\u00e9rcoles d\u00eda 14 de enero. Los horarios ser\u00e1n:<\/p>\n\n\n\n<p>Ma\u00f1ana : 10:00 horas<\/p>\n\n\n\n<p>Tarde: 16:30 horas<\/p>\n\n\n\n<p>Una vez establecida la fecha del examen para la convocatoria p\u00fablica de proceso de selecci\u00f3n por sistema de concurso-oposici\u00f3n para cobertura de puestos de trabajo de atenci\u00f3n al cliente, que ser\u00e1 el <strong>PR\u00d3XIMO 28 DE FEBRERO DE 2026 <\/strong>se reanudan las clases presenciales que ser\u00e1n los martes, siendo la primera clase el pr\u00f3ximo martes d\u00eda 20 de enero, en la sede de UGT de la calle Pablo Iglesias. Los horarios ser\u00e1n:<\/p>\n\n\n\n<p>Ma\u00f1ana : 10:00 horas<\/p>\n\n\n\n<p>Como en otras ocasiones, el acceso a la Plataforma de Formaci\u00f3n On-Line de UGT FGV es exclusiva para personas afiliadas a UGT.<\/p>\n\n\n\n<p><\/p>\n\n\n\n<p>Si tienes inter\u00e9s en inscribirte a este curso de formaci\u00f3n, solo tienes que rellenar el siguiente formulario y aportar la documentaci\u00f3n requerida<\/p>\n\n\n\n<p><a href=\"https:\/\/forms.gle\/vVhf1UrY8CXEkKJH7\">https:\/\/forms.gle\/vVhf1UrY8CXEkKJH7<\/a><\/p>\n\n\n\n<p><\/p>\n\n\n\n<p><\/p>\n\n\n\n<figure class=\"wp-block-video\"><video height=\"720\" style=\"aspect-ratio: 1280 \/ 720;\" width=\"1280\" controls preload=\"auto\" src=\"https:\/\/ugtfgvalicante.com\/wp-content\/uploads\/2022\/10\/VID-20221021-WA0004.mp4\" playsinline><\/video><\/figure>\n","protected":false},"excerpt":{"rendered":"<div class=\"mh-excerpt\"><p>NUEVOS CURSOS DE FORMACI\u00d3N PARA ACCESO A PLAZAS FIJAS EN FGV Finalizado el plazo de inscripci\u00f3n para la convocatoria p\u00fablica de proceso de selecci\u00f3n por <a class=\"mh-excerpt-more\" href=\"https:\/\/ugtfgvalicante.com\/index.php\/cursos-oposiciones\/\" title=\"FORMACI\u00d3N\">[&#8230;]<\/a><\/p>\n<\/div>","protected":false},"author":1,"featured_media":0,"parent":0,"menu_order":0,"comment_status":"closed","ping_status":"closed","template":"","meta":{"footnotes":""},"class_list":["post-20","page","type-page","status-publish","hentry"],"yoast_head":"<!-- This site is optimized with the Yoast SEO plugin v26.6 - https:\/\/yoast.com\/wordpress\/plugins\/seo\/ -->\n<title>FORMACI\u00d3N - FGV Alicante<\/title>\n<meta name=\"robots\" content=\"index, follow, max-snippet:-1, max-image-preview:large, max-video-preview:-1\" \/>\n<link rel=\"canonical\" href=\"https:\/\/ugtfgvalicante.com\/index.php\/cursos-oposiciones\/\" \/>\n<meta property=\"og:locale\" content=\"es_ES\" \/>\n<meta property=\"og:type\" content=\"article\" \/>\n<meta property=\"og:title\" content=\"FORMACI\u00d3N - FGV Alicante\" \/>\n<meta property=\"og:description\" content=\"NUEVOS CURSOS DE FORMACI\u00d3N PARA ACCESO A PLAZAS FIJAS EN FGV Finalizado el plazo de inscripci\u00f3n para la convocatoria p\u00fablica de proceso de selecci\u00f3n por [...]\" \/>\n<meta property=\"og:url\" content=\"https:\/\/ugtfgvalicante.com\/index.php\/cursos-oposiciones\/\" \/>\n<meta property=\"og:site_name\" content=\"FGV Alicante\" \/>\n<meta property=\"article:publisher\" content=\"https:\/\/es-es.facebook.com\/ugt.fgvalicante\/\" \/>\n<meta property=\"article:modified_time\" content=\"2026-01-13T17:39:52+00:00\" \/>\n<meta property=\"og:image\" content=\"https:\/\/ugtfgvalicante.com\/wp-content\/uploads\/2022\/10\/tarjeta_formacion.jpg\" \/>\n\t<meta property=\"og:image:width\" content=\"1675\" \/>\n\t<meta property=\"og:image:height\" content=\"1202\" \/>\n\t<meta property=\"og:image:type\" content=\"image\/jpeg\" \/>\n<meta name=\"twitter:card\" content=\"summary_large_image\" \/>\n<meta name=\"twitter:label1\" content=\"Tiempo de lectura\" \/>\n\t<meta name=\"twitter:data1\" content=\"2 minutos\" \/>\n<script type=\"application\/ld+json\" class=\"yoast-schema-graph\">{\"@context\":\"https:\/\/schema.org\",\"@graph\":[{\"@type\":\"WebPage\",\"@id\":\"https:\/\/ugtfgvalicante.com\/index.php\/cursos-oposiciones\/\",\"url\":\"https:\/\/ugtfgvalicante.com\/index.php\/cursos-oposiciones\/\",\"name\":\"FORMACI\u00d3N - FGV Alicante\",\"isPartOf\":{\"@id\":\"https:\/\/ugtfgvalicante.com\/#website\"},\"primaryImageOfPage\":{\"@id\":\"https:\/\/ugtfgvalicante.com\/index.php\/cursos-oposiciones\/#primaryimage\"},\"image\":{\"@id\":\"https:\/\/ugtfgvalicante.com\/index.php\/cursos-oposiciones\/#primaryimage\"},\"thumbnailUrl\":\"https:\/\/ugtfgvalicante.com\/wp-content\/uploads\/2022\/10\/tarjeta_formacion-300x215.jpg\",\"datePublished\":\"2022-04-05T11:56:27+00:00\",\"dateModified\":\"2026-01-13T17:39:52+00:00\",\"breadcrumb\":{\"@id\":\"https:\/\/ugtfgvalicante.com\/index.php\/cursos-oposiciones\/#breadcrumb\"},\"inLanguage\":\"es\",\"potentialAction\":[{\"@type\":\"ReadAction\",\"target\":[\"https:\/\/ugtfgvalicante.com\/index.php\/cursos-oposiciones\/\"]}]},{\"@type\":\"ImageObject\",\"inLanguage\":\"es\",\"@id\":\"https:\/\/ugtfgvalicante.com\/index.php\/cursos-oposiciones\/#primaryimage\",\"url\":\"https:\/\/ugtfgvalicante.com\/wp-content\/uploads\/2022\/10\/tarjeta_formacion.jpg\",\"contentUrl\":\"https:\/\/ugtfgvalicante.com\/wp-content\/uploads\/2022\/10\/tarjeta_formacion.jpg\",\"width\":1675,\"height\":1202},{\"@type\":\"BreadcrumbList\",\"@id\":\"https:\/\/ugtfgvalicante.com\/index.php\/cursos-oposiciones\/#breadcrumb\",\"itemListElement\":[{\"@type\":\"ListItem\",\"position\":1,\"name\":\"Portada\",\"item\":\"https:\/\/ugtfgvalicante.com\/\"},{\"@type\":\"ListItem\",\"position\":2,\"name\":\"FORMACI\u00d3N\"}]},{\"@type\":\"WebSite\",\"@id\":\"https:\/\/ugtfgvalicante.com\/#website\",\"url\":\"https:\/\/ugtfgvalicante.com\/\",\"name\":\"FGV Alicante\",\"description\":\"\",\"publisher\":{\"@id\":\"https:\/\/ugtfgvalicante.com\/#organization\"},\"potentialAction\":[{\"@type\":\"SearchAction\",\"target\":{\"@type\":\"EntryPoint\",\"urlTemplate\":\"https:\/\/ugtfgvalicante.com\/?s={search_term_string}\"},\"query-input\":{\"@type\":\"PropertyValueSpecification\",\"valueRequired\":true,\"valueName\":\"search_term_string\"}}],\"inLanguage\":\"es\"},{\"@type\":\"Organization\",\"@id\":\"https:\/\/ugtfgvalicante.com\/#organization\",\"name\":\"UGT FGV Alicante\",\"url\":\"https:\/\/ugtfgvalicante.com\/\",\"logo\":{\"@type\":\"ImageObject\",\"inLanguage\":\"es\",\"@id\":\"https:\/\/ugtfgvalicante.com\/#\/schema\/logo\/image\/\",\"url\":\"https:\/\/ugtfgvalicante.com\/wp-content\/uploads\/2022\/10\/logo-ugt-web.png\",\"contentUrl\":\"https:\/\/ugtfgvalicante.com\/wp-content\/uploads\/2022\/10\/logo-ugt-web.png\",\"width\":2283,\"height\":1126,\"caption\":\"UGT FGV Alicante\"},\"image\":{\"@id\":\"https:\/\/ugtfgvalicante.com\/#\/schema\/logo\/image\/\"},\"sameAs\":[\"https:\/\/es-es.facebook.com\/ugt.fgvalicante\/\"]}]}<\/script>\n<!-- \/ Yoast SEO plugin. -->","yoast_head_json":{"title":"FORMACI\u00d3N - FGV Alicante","robots":{"index":"index","follow":"follow","max-snippet":"max-snippet:-1","max-image-preview":"max-image-preview:large","max-video-preview":"max-video-preview:-1"},"canonical":"https:\/\/ugtfgvalicante.com\/index.php\/cursos-oposiciones\/","og_locale":"es_ES","og_type":"article","og_title":"FORMACI\u00d3N - FGV Alicante","og_description":"NUEVOS CURSOS DE FORMACI\u00d3N PARA ACCESO A PLAZAS FIJAS EN FGV Finalizado el plazo de inscripci\u00f3n para la convocatoria p\u00fablica de proceso de selecci\u00f3n por [...]","og_url":"https:\/\/ugtfgvalicante.com\/index.php\/cursos-oposiciones\/","og_site_name":"FGV Alicante","article_publisher":"https:\/\/es-es.facebook.com\/ugt.fgvalicante\/","article_modified_time":"2026-01-13T17:39:52+00:00","og_image":[{"width":1675,"height":1202,"url":"https:\/\/ugtfgvalicante.com\/wp-content\/uploads\/2022\/10\/tarjeta_formacion.jpg","type":"image\/jpeg"}],"twitter_card":"summary_large_image","twitter_misc":{"Tiempo de lectura":"2 minutos"},"schema":{"@context":"https:\/\/schema.org","@graph":[{"@type":"WebPage","@id":"https:\/\/ugtfgvalicante.com\/index.php\/cursos-oposiciones\/","url":"https:\/\/ugtfgvalicante.com\/index.php\/cursos-oposiciones\/","name":"FORMACI\u00d3N - FGV Alicante","isPartOf":{"@id":"https:\/\/ugtfgvalicante.com\/#website"},"primaryImageOfPage":{"@id":"https:\/\/ugtfgvalicante.com\/index.php\/cursos-oposiciones\/#primaryimage"},"image":{"@id":"https:\/\/ugtfgvalicante.com\/index.php\/cursos-oposiciones\/#primaryimage"},"thumbnailUrl":"https:\/\/ugtfgvalicante.com\/wp-content\/uploads\/2022\/10\/tarjeta_formacion-300x215.jpg","datePublished":"2022-04-05T11:56:27+00:00","dateModified":"2026-01-13T17:39:52+00:00","breadcrumb":{"@id":"https:\/\/ugtfgvalicante.com\/index.php\/cursos-oposiciones\/#breadcrumb"},"inLanguage":"es","potentialAction":[{"@type":"ReadAction","target":["https:\/\/ugtfgvalicante.com\/index.php\/cursos-oposiciones\/"]}]},{"@type":"ImageObject","inLanguage":"es","@id":"https:\/\/ugtfgvalicante.com\/index.php\/cursos-oposiciones\/#primaryimage","url":"https:\/\/ugtfgvalicante.com\/wp-content\/uploads\/2022\/10\/tarjeta_formacion.jpg","contentUrl":"https:\/\/ugtfgvalicante.com\/wp-content\/uploads\/2022\/10\/tarjeta_formacion.jpg","width":1675,"height":1202},{"@type":"BreadcrumbList","@id":"https:\/\/ugtfgvalicante.com\/index.php\/cursos-oposiciones\/#breadcrumb","itemListElement":[{"@type":"ListItem","position":1,"name":"Portada","item":"https:\/\/ugtfgvalicante.com\/"},{"@type":"ListItem","position":2,"name":"FORMACI\u00d3N"}]},{"@type":"WebSite","@id":"https:\/\/ugtfgvalicante.com\/#website","url":"https:\/\/ugtfgvalicante.com\/","name":"FGV Alicante","description":"","publisher":{"@id":"https:\/\/ugtfgvalicante.com\/#organization"},"potentialAction":[{"@type":"SearchAction","target":{"@type":"EntryPoint","urlTemplate":"https:\/\/ugtfgvalicante.com\/?s={search_term_string}"},"query-input":{"@type":"PropertyValueSpecification","valueRequired":true,"valueName":"search_term_string"}}],"inLanguage":"es"},{"@type":"Organization","@id":"https:\/\/ugtfgvalicante.com\/#organization","name":"UGT FGV Alicante","url":"https:\/\/ugtfgvalicante.com\/","logo":{"@type":"ImageObject","inLanguage":"es","@id":"https:\/\/ugtfgvalicante.com\/#\/schema\/logo\/image\/","url":"https:\/\/ugtfgvalicante.com\/wp-content\/uploads\/2022\/10\/logo-ugt-web.png","contentUrl":"https:\/\/ugtfgvalicante.com\/wp-content\/uploads\/2022\/10\/logo-ugt-web.png","width":2283,"height":1126,"caption":"UGT FGV Alicante"},"image":{"@id":"https:\/\/ugtfgvalicante.com\/#\/schema\/logo\/image\/"},"sameAs":["https:\/\/es-es.facebook.com\/ugt.fgvalicante\/"]}]}},"_links":{"self":[{"href":"https:\/\/ugtfgvalicante.com\/index.php\/wp-json\/wp\/v2\/pages\/20","targetHints":{"allow":["GET"]}}],"collection":[{"href":"https:\/\/ugtfgvalicante.com\/index.php\/wp-json\/wp\/v2\/pages"}],"about":[{"href":"https:\/\/ugtfgvalicante.com\/index.php\/wp-json\/wp\/v2\/types\/page"}],"author":[{"embeddable":true,"href":"https:\/\/ugtfgvalicante.com\/index.php\/wp-json\/wp\/v2\/users\/1"}],"replies":[{"embeddable":true,"href":"https:\/\/ugtfgvalicante.com\/index.php\/wp-json\/wp\/v2\/comments?post=20"}],"version-history":[{"count":38,"href":"https:\/\/ugtfgvalicante.com\/index.php\/wp-json\/wp\/v2\/pages\/20\/revisions"}],"predecessor-version":[{"id":1079,"href":"https:\/\/ugtfgvalicante.com\/index.php\/wp-json\/wp\/v2\/pages\/20\/revisions\/1079"}],"wp:attachment":[{"href":"https:\/\/ugtfgvalicante.com\/index.php\/wp-json\/wp\/v2\/media?parent=20"}],"curies":[{"name":"wp","href":"https:\/\/api.w.org\/{rel}","templated":true}]}}